{"id":1950,"date":"2017-10-06T18:33:38","date_gmt":"2017-10-06T16:33:38","guid":{"rendered":"https:\/\/museosanitariovigo.es\/donantes\/"},"modified":"2018-03-23T13:15:22","modified_gmt":"2018-03-23T12:15:22","slug":"donantes","status":"publish","type":"page","link":"https:\/\/museosanitariovigo.es\/es\/donantes\/","title":{"rendered":"Donantes"},"content":{"rendered":"<div id='av_section_1'  class='avia-section av-av_section-eb89abc38228390982ab77a91969e9e7 main_color avia-section-default avia-no-border-styling  avia-builder-el-0  el_before_av_section  avia-builder-el-first  avia-bg-style-scroll container_wrap fullsize'  ><div class='container av-section-cont-open' ><main  role=\"main\" itemprop=\"mainContentOfPage\"  class='template-page content  av-content-full alpha units'><div class='post-entry post-entry-type-page post-entry-1950'><div class='entry-content-wrapper clearfix'>\n\n<style type=\"text\/css\" data-created_by=\"avia_inline_auto\" id=\"style-css-av-av_textblock-352afc35c842fc84891e91dfc27c56b5\">\n#top .av_textblock_section.av-av_textblock-352afc35c842fc84891e91dfc27c56b5 .avia_textblock{\nfont-size:18px;\n}\n<\/style>\n<section  class='av_textblock_section av-av_textblock-352afc35c842fc84891e91dfc27c56b5'  itemscope=\"itemscope\" itemtype=\"https:\/\/schema.org\/CreativeWork\" ><div class='avia_textblock'  itemprop=\"text\" ><p>Agradecemos de manera especial a las siguientes personas, organismos o instituciones sus donaciones, por la importante contribuci\u00f3n que supone para los fondos del Museo y para la sociedad en general.<\/p>\n<\/div><\/section>\n\n<style type=\"text\/css\" data-created_by=\"avia_inline_auto\" id=\"style-css-av-av_textblock-e43f1c6382b70b475d11ab4e31b0b36e\">\n#top .av_textblock_section.av-av_textblock-e43f1c6382b70b475d11ab4e31b0b36e .avia_textblock{\nfont-size:13px;\n}\n<\/style>\n<section  class='av_textblock_section av-av_textblock-e43f1c6382b70b475d11ab4e31b0b36e'  itemscope=\"itemscope\" itemtype=\"https:\/\/schema.org\/CreativeWork\" ><div class='avia_textblock'  itemprop=\"text\" ><p><em>Listado actualizado de donantes (octubre 2017)<\/em><\/p>\n<\/div><\/section>\n<div  class='avia-icon-list-container av-av_iconlist-7f4c0e5acb79a3bde7d7887b2acfa62d  avia-builder-el-3  el_after_av_textblock  el_before_av_gallery '><ul class='avia-icon-list avia_animate_when_almost_visible avia-icon-list-left av-iconlist-small av-av_iconlist-7f4c0e5acb79a3bde7d7887b2acfa62d avia-iconlist-animate'>\n<li><div class='iconlist_icon av-av_iconlist_item-650c2858a813035b2f14960987960e9e avia-font-entypo-fontello'><span class='iconlist-char' aria-hidden='true' data-av_icon='\ue812' data-av_iconfont='entypo-fontello'><\/span><\/div><article class=\"article-icon-entry av-iconlist-empty\"  itemscope=\"itemscope\" itemtype=\"https:\/\/schema.org\/CreativeWork\" ><div class=\"iconlist_content_wrap\"><header class=\"entry-content-header\"><div class='av_iconlist_title iconlist_title_small  '  itemprop=\"headline\" >Dr. Joaqu\u00edn Gonz\u00e1lez-Carrer\u00f3 Foj\u00f3n (Servicio de Anatom\u00eda Patol\u00f3gica del CHUVI).<\/div><\/header><div class='iconlist_content '  itemprop=\"text\" ><\/div><\/div><footer class=\"entry-footer\"><\/footer><\/article><div class=\"iconlist-timeline\"><\/div><\/li>\n<li><div class='iconlist_icon av-av_iconlist_item-82c7f5a2f63462ebcd4615725d879d9b avia-font-entypo-fontello'><span class='iconlist-char' aria-hidden='true' data-av_icon='\ue812' data-av_iconfont='entypo-fontello'><\/span><\/div><article class=\"article-icon-entry av-iconlist-empty\"  itemscope=\"itemscope\" itemtype=\"https:\/\/schema.org\/CreativeWork\" ><div class=\"iconlist_content_wrap\"><header class=\"entry-content-header\"><div class='av_iconlist_title iconlist_title_small  '  itemprop=\"headline\" >D\u00f1.\u00aa M.\u00aa Elena Alonso Doval (Servicio de Anatom\u00eda Patol\u00f3gica del CHUVI).<\/div><\/header><div class='iconlist_content '  itemprop=\"text\" ><\/div><\/div><footer class=\"entry-footer\"><\/footer><\/article><div class=\"iconlist-timeline\"><\/div><\/li>\n<li><div class='iconlist_icon av-av_iconlist_item-7593ce502c0f49d8c2e83999f70ae621 avia-font-entypo-fontello'><span class='iconlist-char' aria-hidden='true' data-av_icon='\ue812' data-av_iconfont='entypo-fontello'><\/span><\/div><article class=\"article-icon-entry av-iconlist-empty\"  itemscope=\"itemscope\" itemtype=\"https:\/\/schema.org\/CreativeWork\" ><div class=\"iconlist_content_wrap\"><header class=\"entry-content-header\"><div class='av_iconlist_title iconlist_title_small  '  itemprop=\"headline\" >Familia del Dr. Manuel de Sas de la Encina (Servicio de Otorrinolaringolog\u00eda del Hospital Povisa).<\/div><\/header><div class='iconlist_content '  itemprop=\"text\" ><\/div><\/div><footer class=\"entry-footer\"><\/footer><\/article><div class=\"iconlist-timeline\"><\/div><\/li>\n<li><div class='iconlist_icon av-av_iconlist_item-3b378562430e23a6bd93fbeeb57bd153 avia-font-entypo-fontello'><span class='iconlist-char' aria-hidden='true' data-av_icon='\ue812' data-av_iconfont='entypo-fontello'><\/span><\/div><article class=\"article-icon-entry av-iconlist-empty\"  itemscope=\"itemscope\" itemtype=\"https:\/\/schema.org\/CreativeWork\" ><div class=\"iconlist_content_wrap\"><header class=\"entry-content-header\"><div class='av_iconlist_title iconlist_title_small  '  itemprop=\"headline\" >Dr. Alberto Rodr\u00edguez Costa (Servicio de Cirug\u00eda Pedi\u00e1trica del CHUVI).<\/div><\/header><div class='iconlist_content '  itemprop=\"text\" ><\/div><\/div><footer class=\"entry-footer\"><\/footer><\/article><div class=\"iconlist-timeline\"><\/div><\/li>\n<li><div class='iconlist_icon av-av_iconlist_item-d54ddcdc73ff5da3b44d5208b553bae3 avia-font-entypo-fontello'><span class='iconlist-char' aria-hidden='true' data-av_icon='\ue812' data-av_iconfont='entypo-fontello'><\/span><\/div><article class=\"article-icon-entry av-iconlist-empty\"  itemscope=\"itemscope\" itemtype=\"https:\/\/schema.org\/CreativeWork\" ><div class=\"iconlist_content_wrap\"><header class=\"entry-content-header\"><div class='av_iconlist_title iconlist_title_small  '  itemprop=\"headline\" >D. Saturnino Rodr\u00edguez Pereiro (Servicio de Mantenimiento de Atenci\u00f3n Primaria de Vigo).<\/div><\/header><div class='iconlist_content '  itemprop=\"text\" ><\/div><\/div><footer class=\"entry-footer\"><\/footer><\/article><div class=\"iconlist-timeline\"><\/div><\/li>\n<li><div class='iconlist_icon av-av_iconlist_item-1cd9c698a4cd6e6f43ed46af3006cc5c avia-font-entypo-fontello'><span class='iconlist-char' aria-hidden='true' data-av_icon='\ue812' data-av_iconfont='entypo-fontello'><\/span><\/div><article class=\"article-icon-entry av-iconlist-empty\"  itemscope=\"itemscope\" itemtype=\"https:\/\/schema.org\/CreativeWork\" ><div class=\"iconlist_content_wrap\"><header class=\"entry-content-header\"><div class='av_iconlist_title iconlist_title_small  '  itemprop=\"headline\" >Servicio de Neurocirug\u00eda del Chuvi.<\/div><\/header><div class='iconlist_content '  itemprop=\"text\" ><\/div><\/div><footer class=\"entry-footer\"><\/footer><\/article><div class=\"iconlist-timeline\"><\/div><\/li>\n<li><div class='iconlist_icon av-av_iconlist_item-52fc4cf6bd4242338b914054c763a7b6 avia-font-entypo-fontello'><span class='iconlist-char' aria-hidden='true' data-av_icon='\ue812' data-av_iconfont='entypo-fontello'><\/span><\/div><article class=\"article-icon-entry av-iconlist-empty\"  itemscope=\"itemscope\" itemtype=\"https:\/\/schema.org\/CreativeWork\" ><div class=\"iconlist_content_wrap\"><header class=\"entry-content-header\"><div class='av_iconlist_title iconlist_title_small  '  itemprop=\"headline\" >D\u00f1.\u00aa M.\u00aa Antonia Mato Gerv\u00e1s (Servicio de Asesor\u00eda Jur\u00eddica del CHUVI)<\/div><\/header><div class='iconlist_content '  itemprop=\"text\" ><\/div><\/div><footer class=\"entry-footer\"><\/footer><\/article><div class=\"iconlist-timeline\"><\/div><\/li>\n<li><div class='iconlist_icon av-av_iconlist_item-5c2f026823663c727f37d2c213aad968 avia-font-entypo-fontello'><span class='iconlist-char' aria-hidden='true' data-av_icon='\ue812' data-av_iconfont='entypo-fontello'><\/span><\/div><article class=\"article-icon-entry av-iconlist-empty\"  itemscope=\"itemscope\" itemtype=\"https:\/\/schema.org\/CreativeWork\" ><div class=\"iconlist_content_wrap\"><header class=\"entry-content-header\"><div class='av_iconlist_title iconlist_title_small  '  itemprop=\"headline\" >Dr. V\u00edctor Ruiz Ochoa (M\u00e9dico del Aparato Digestivo en el Servicio de Atenci\u00f3n Primaria de Coya)<\/div><\/header><div class='iconlist_content '  itemprop=\"text\" ><\/div><\/div><footer class=\"entry-footer\"><\/footer><\/article><div class=\"iconlist-timeline\"><\/div><\/li>\n<li><div class='iconlist_icon av-av_iconlist_item-7bf29f5ea80765b50bd3543c85f93510 avia-font-entypo-fontello'><span class='iconlist-char' aria-hidden='true' data-av_icon='\ue812' data-av_iconfont='entypo-fontello'><\/span><\/div><article class=\"article-icon-entry av-iconlist-empty\"  itemscope=\"itemscope\" itemtype=\"https:\/\/schema.org\/CreativeWork\" ><div class=\"iconlist_content_wrap\"><header class=\"entry-content-header\"><div class='av_iconlist_title iconlist_title_small  '  itemprop=\"headline\" >Noem\u00ed Morte Tamayo (M\u00e9dico Forense del Instituto de Medicina Legal de Galicia - IMELGA)<\/div><\/header><div class='iconlist_content '  itemprop=\"text\" ><\/div><\/div><footer class=\"entry-footer\"><\/footer><\/article><div class=\"iconlist-timeline\"><\/div><\/li>\n<\/ul><\/div>\n\n<style type=\"text\/css\" data-created_by=\"avia_inline_auto\" id=\"style-css-av-av_gallery-87f4de2239408845bc71e878d6ba163b\">\n#top .avia-gallery.av-av_gallery-87f4de2239408845bc71e878d6ba163b .avia-gallery-thumb a{\nwidth:16.6667%;\n}\n<\/style>\n<div  class='avia-gallery av-av_gallery-87f4de2239408845bc71e878d6ba163b avia_animate_when_visible  avia-builder-el-4  el_after_av_iconlist  avia-builder-el-last  avia_lazyload avia-gallery-animate avia-gallery-1'  itemprop=\"image\" itemscope=\"itemscope\" itemtype=\"https:\/\/schema.org\/ImageObject\" ><meta itemprop=\"contentURL\" content=\"https:\/\/museosanitariovigo.es\/es\/donantes\/\"><div class='avia-gallery-thumb'><a href=\"https:\/\/museosanitariovigo.es\/wp-content\/uploads\/2018\/03\/donacio\u0301n-1-1030x653.jpg\" data-srcset=\"https:\/\/museosanitariovigo.es\/wp-content\/uploads\/2018\/03\/donacio\u0301n-1-1030x653.jpg 1030w, https:\/\/museosanitariovigo.es\/wp-content\/uploads\/2018\/03\/donacio\u0301n-1-300x190.jpg 300w, https:\/\/museosanitariovigo.es\/wp-content\/uploads\/2018\/03\/donacio\u0301n-1-768x487.jpg 768w, https:\/\/museosanitariovigo.es\/wp-content\/uploads\/2018\/03\/donacio\u0301n-1-705x447.jpg 705w, https:\/\/museosanitariovigo.es\/wp-content\/uploads\/2018\/03\/donacio\u0301n-1-450x285.jpg 450w, https:\/\/museosanitariovigo.es\/wp-content\/uploads\/2018\/03\/donacio\u0301n-1.jpg 1300w\" data-sizes=\"(max-width: 1030px) 100vw, 1030px\" data-rel='gallery-1' data-prev-img='https:\/\/museosanitariovigo.es\/wp-content\/uploads\/2018\/03\/donacio\u0301n-1-495x400.jpg' class='first_thumb lightbox ' data-onclick='1' title='Familia Alonso Rodr\u00edguez, herederos de D. Francisco Orge Alonso'  itemprop=\"thumbnailUrl\"  ><img class=\"wp-image-3836 avia-img-lazy-loading-not-3836\"  data-avia-tooltip='Familia Alonso Rodr\u00edguez, herederos de D. Francisco Orge Alonso' src=\"https:\/\/museosanitariovigo.es\/wp-content\/uploads\/2018\/03\/donacio\u0301n-1-495x400.jpg\" width=\"495\" height=\"400\"  title='donacio\u0301n 1' alt='' srcset=\"https:\/\/museosanitariovigo.es\/wp-content\/uploads\/2018\/03\/donacio\u0301n-1-495x400.jpg 495w, https:\/\/museosanitariovigo.es\/wp-content\/uploads\/2018\/03\/donacio\u0301n-1-845x684.jpg 845w\" sizes=\"(max-width: 495px) 100vw, 495px\" \/><div class='big-prev-fake'><img loading=\"lazy\" class=\"wp-image-3836 avia-img-lazy-loading-3836\"  width=\"495\" height=\"400\" src=\"https:\/\/museosanitariovigo.es\/wp-content\/uploads\/2018\/03\/donacio\u0301n-1-495x400.jpg\" title='donacio\u0301n 1' alt='' srcset=\"https:\/\/museosanitariovigo.es\/wp-content\/uploads\/2018\/03\/donacio\u0301n-1-495x400.jpg 495w, https:\/\/museosanitariovigo.es\/wp-content\/uploads\/2018\/03\/donacio\u0301n-1-845x684.jpg 845w\" sizes=\"(max-width: 495px) 100vw, 495px\" \/><\/div><\/a><a href=\"https:\/\/museosanitariovigo.es\/wp-content\/uploads\/2018\/03\/donacio\u0301n-3-1030x622.jpg\" data-srcset=\"https:\/\/museosanitariovigo.es\/wp-content\/uploads\/2018\/03\/donacio\u0301n-3-1030x622.jpg 1030w, https:\/\/museosanitariovigo.es\/wp-content\/uploads\/2018\/03\/donacio\u0301n-3-300x181.jpg 300w, https:\/\/museosanitariovigo.es\/wp-content\/uploads\/2018\/03\/donacio\u0301n-3-768x464.jpg 768w, https:\/\/museosanitariovigo.es\/wp-content\/uploads\/2018\/03\/donacio\u0301n-3-705x426.jpg 705w, https:\/\/museosanitariovigo.es\/wp-content\/uploads\/2018\/03\/donacio\u0301n-3-450x272.jpg 450w, https:\/\/museosanitariovigo.es\/wp-content\/uploads\/2018\/03\/donacio\u0301n-3.jpg 1300w\" data-sizes=\"(max-width: 1030px) 100vw, 1030px\" data-rel='gallery-1' data-prev-img='https:\/\/museosanitariovigo.es\/wp-content\/uploads\/2018\/03\/donacio\u0301n-3-495x400.jpg' class='lightbox ' data-onclick='2' title='Objetos donados por la familia Alonso Rodr\u00edguez'  itemprop=\"thumbnailUrl\"  ><img class=\"wp-image-3840 avia-img-lazy-loading-not-3840\"  data-avia-tooltip='Objetos donados por la familia Alonso Rodr\u00edguez' src=\"https:\/\/museosanitariovigo.es\/wp-content\/uploads\/2018\/03\/donacio\u0301n-3-495x400.jpg\" width=\"495\" height=\"400\"  title='donacio\u0301n 3' alt='' srcset=\"https:\/\/museosanitariovigo.es\/wp-content\/uploads\/2018\/03\/donacio\u0301n-3-495x400.jpg 495w, https:\/\/museosanitariovigo.es\/wp-content\/uploads\/2018\/03\/donacio\u0301n-3-845x684.jpg 845w\" sizes=\"(max-width: 495px) 100vw, 495px\" \/><div class='big-prev-fake'><img loading=\"lazy\" class=\"wp-image-3840 avia-img-lazy-loading-3840\"  width=\"495\" height=\"400\" src=\"https:\/\/museosanitariovigo.es\/wp-content\/uploads\/2018\/03\/donacio\u0301n-3-495x400.jpg\" title='donacio\u0301n 3' alt='' srcset=\"https:\/\/museosanitariovigo.es\/wp-content\/uploads\/2018\/03\/donacio\u0301n-3-495x400.jpg 495w, https:\/\/museosanitariovigo.es\/wp-content\/uploads\/2018\/03\/donacio\u0301n-3-845x684.jpg 845w\" sizes=\"(max-width: 495px) 100vw, 495px\" \/><\/div><\/a><a href=\"https:\/\/museosanitariovigo.es\/wp-content\/uploads\/2018\/03\/donacio\u0301n-2-1030x692.jpg\" data-srcset=\"https:\/\/museosanitariovigo.es\/wp-content\/uploads\/2018\/03\/donacio\u0301n-2-1030x692.jpg 1030w, https:\/\/museosanitariovigo.es\/wp-content\/uploads\/2018\/03\/donacio\u0301n-2-300x201.jpg 300w, https:\/\/museosanitariovigo.es\/wp-content\/uploads\/2018\/03\/donacio\u0301n-2-768x516.jpg 768w, https:\/\/museosanitariovigo.es\/wp-content\/uploads\/2018\/03\/donacio\u0301n-2-705x473.jpg 705w, https:\/\/museosanitariovigo.es\/wp-content\/uploads\/2018\/03\/donacio\u0301n-2-450x302.jpg 450w, https:\/\/museosanitariovigo.es\/wp-content\/uploads\/2018\/03\/donacio\u0301n-2.jpg 1300w\" data-sizes=\"(max-width: 1030px) 100vw, 1030px\" data-rel='gallery-1' data-prev-img='https:\/\/museosanitariovigo.es\/wp-content\/uploads\/2018\/03\/donacio\u0301n-2-495x400.jpg' class='lightbox ' data-onclick='3' title='Objetos donados por la familia Alonso Rodr\u00edguez'  itemprop=\"thumbnailUrl\"  ><img class=\"wp-image-3838 avia-img-lazy-loading-not-3838\"  data-avia-tooltip='Objetos donados por la familia Alonso Rodr\u00edguez' src=\"https:\/\/museosanitariovigo.es\/wp-content\/uploads\/2018\/03\/donacio\u0301n-2-495x400.jpg\" width=\"495\" height=\"400\"  title='donacio\u0301n 2' alt='' srcset=\"https:\/\/museosanitariovigo.es\/wp-content\/uploads\/2018\/03\/donacio\u0301n-2-495x400.jpg 495w, https:\/\/museosanitariovigo.es\/wp-content\/uploads\/2018\/03\/donacio\u0301n-2-845x684.jpg 845w\" sizes=\"(max-width: 495px) 100vw, 495px\" \/><div class='big-prev-fake'><img loading=\"lazy\" class=\"wp-image-3838 avia-img-lazy-loading-3838\"  width=\"495\" height=\"400\" src=\"https:\/\/museosanitariovigo.es\/wp-content\/uploads\/2018\/03\/donacio\u0301n-2-495x400.jpg\" title='donacio\u0301n 2' alt='' srcset=\"https:\/\/museosanitariovigo.es\/wp-content\/uploads\/2018\/03\/donacio\u0301n-2-495x400.jpg 495w, https:\/\/museosanitariovigo.es\/wp-content\/uploads\/2018\/03\/donacio\u0301n-2-845x684.jpg 845w\" sizes=\"(max-width: 495px) 100vw, 495px\" \/><\/div><\/a><a href=\"https:\/\/museosanitariovigo.es\/wp-content\/uploads\/2018\/03\/doazons-1030x521.jpg\" data-srcset=\"https:\/\/museosanitariovigo.es\/wp-content\/uploads\/2018\/03\/doazons-1030x521.jpg 1030w, https:\/\/museosanitariovigo.es\/wp-content\/uploads\/2018\/03\/doazons-300x152.jpg 300w, https:\/\/museosanitariovigo.es\/wp-content\/uploads\/2018\/03\/doazons-768x388.jpg 768w, https:\/\/museosanitariovigo.es\/wp-content\/uploads\/2018\/03\/doazons-705x356.jpg 705w, https:\/\/museosanitariovigo.es\/wp-content\/uploads\/2018\/03\/doazons-450x227.jpg 450w, https:\/\/museosanitariovigo.es\/wp-content\/uploads\/2018\/03\/doazons.jpg 1100w\" data-sizes=\"(max-width: 1030px) 100vw, 1030px\" data-rel='gallery-1' data-prev-img='https:\/\/museosanitariovigo.es\/wp-content\/uploads\/2018\/03\/doazons-495x400.jpg' class='lightbox ' data-onclick='4' title='Doctor V\u00edctor Ruiz Ochoa'  itemprop=\"thumbnailUrl\"  ><img class=\"wp-image-3604 avia-img-lazy-loading-not-3604\"  data-avia-tooltip='Doctor V\u00edctor Ruiz Ochoa' src=\"https:\/\/museosanitariovigo.es\/wp-content\/uploads\/2018\/03\/doazons-495x400.jpg\" width=\"495\" height=\"400\"  title='Recepci\u00f3n de 10 pezas doadas polos doutores Alberto Rodr\u00edguez Costa e V\u00edctor Ru\u00edz Ochoa. \/ Recepci\u00f3n de 10 piezas donadas pot los doctores Alberto Rodr\u00edguez Costa y V\u00edctor Ru\u00edz Ochoa.' alt='' \/><div class='big-prev-fake'><img loading=\"lazy\" class=\"wp-image-3604 avia-img-lazy-loading-3604\"  width=\"495\" height=\"400\" src=\"https:\/\/museosanitariovigo.es\/wp-content\/uploads\/2018\/03\/doazons-495x400.jpg\" title='Recepci\u00f3n de 10 pezas doadas polos doutores Alberto Rodr\u00edguez Costa e V\u00edctor Ru\u00edz Ochoa. \/ Recepci\u00f3n de 10 piezas donadas pot los doctores Alberto Rodr\u00edguez Costa y V\u00edctor Ru\u00edz Ochoa.' alt='' \/><\/div><\/a><a href=\"https:\/\/museosanitariovigo.es\/wp-content\/uploads\/2018\/03\/29179044_803116973210100_5937273343001493504_o-1030x854.jpg\" data-srcset=\"https:\/\/museosanitariovigo.es\/wp-content\/uploads\/2018\/03\/29179044_803116973210100_5937273343001493504_o-1030x854.jpg 1030w, https:\/\/museosanitariovigo.es\/wp-content\/uploads\/2018\/03\/29179044_803116973210100_5937273343001493504_o-300x249.jpg 300w, https:\/\/museosanitariovigo.es\/wp-content\/uploads\/2018\/03\/29179044_803116973210100_5937273343001493504_o-768x637.jpg 768w, https:\/\/museosanitariovigo.es\/wp-content\/uploads\/2018\/03\/29179044_803116973210100_5937273343001493504_o-705x585.jpg 705w, https:\/\/museosanitariovigo.es\/wp-content\/uploads\/2018\/03\/29179044_803116973210100_5937273343001493504_o-450x373.jpg 450w, https:\/\/museosanitariovigo.es\/wp-content\/uploads\/2018\/03\/29179044_803116973210100_5937273343001493504_o.jpg 1300w\" data-sizes=\"(max-width: 1030px) 100vw, 1030px\" data-rel='gallery-1' data-prev-img='https:\/\/museosanitariovigo.es\/wp-content\/uploads\/2018\/03\/29179044_803116973210100_5937273343001493504_o-495x400.jpg' class='lightbox ' data-onclick='5' title='Doctor V\u00edctor Ruiz Ochoa'  itemprop=\"thumbnailUrl\"  ><img class=\"wp-image-3594 avia-img-lazy-loading-not-3594\"  data-avia-tooltip='Doctor V\u00edctor Ruiz Ochoa' src=\"https:\/\/museosanitariovigo.es\/wp-content\/uploads\/2018\/03\/29179044_803116973210100_5937273343001493504_o-495x400.jpg\" width=\"495\" height=\"400\"  title='Recepci\u00f3n de 10 pezas doadas polos doutores Alberto Rodr\u00edguez Costa e V\u00edctor Ru\u00edz Ochoa. \/ Recepci\u00f3n de 10 piezas donadas pot los doctores Alberto Rodr\u00edguez Costa y V\u00edctor Ru\u00edz Ochoa.' alt='' srcset=\"https:\/\/museosanitariovigo.es\/wp-content\/uploads\/2018\/03\/29179044_803116973210100_5937273343001493504_o-495x400.jpg 495w, https:\/\/museosanitariovigo.es\/wp-content\/uploads\/2018\/03\/29179044_803116973210100_5937273343001493504_o-845x684.jpg 845w\" sizes=\"(max-width: 495px) 100vw, 495px\" \/><div class='big-prev-fake'><img loading=\"lazy\" class=\"wp-image-3594 avia-img-lazy-loading-3594\"  width=\"495\" height=\"400\" src=\"https:\/\/museosanitariovigo.es\/wp-content\/uploads\/2018\/03\/29179044_803116973210100_5937273343001493504_o-495x400.jpg\" title='Recepci\u00f3n de 10 pezas doadas polos doutores Alberto Rodr\u00edguez Costa e V\u00edctor Ru\u00edz Ochoa. \/ Recepci\u00f3n de 10 piezas donadas pot los doctores Alberto Rodr\u00edguez Costa y V\u00edctor Ru\u00edz Ochoa.' alt='' srcset=\"https:\/\/museosanitariovigo.es\/wp-content\/uploads\/2018\/03\/29179044_803116973210100_5937273343001493504_o-495x400.jpg 495w, https:\/\/museosanitariovigo.es\/wp-content\/uploads\/2018\/03\/29179044_803116973210100_5937273343001493504_o-845x684.jpg 845w\" sizes=\"(max-width: 495px) 100vw, 495px\" \/><\/div><\/a><a href=\"https:\/\/museosanitariovigo.es\/wp-content\/uploads\/2018\/03\/29197168_803116946543436_8960742208407863296_o-1-1030x780.jpg\" data-srcset=\"https:\/\/museosanitariovigo.es\/wp-content\/uploads\/2018\/03\/29197168_803116946543436_8960742208407863296_o-1-1030x780.jpg 1030w, https:\/\/museosanitariovigo.es\/wp-content\/uploads\/2018\/03\/29197168_803116946543436_8960742208407863296_o-1-300x227.jpg 300w, https:\/\/museosanitariovigo.es\/wp-content\/uploads\/2018\/03\/29197168_803116946543436_8960742208407863296_o-1-768x581.jpg 768w, https:\/\/museosanitariovigo.es\/wp-content\/uploads\/2018\/03\/29197168_803116946543436_8960742208407863296_o-1-705x534.jpg 705w, https:\/\/museosanitariovigo.es\/wp-content\/uploads\/2018\/03\/29197168_803116946543436_8960742208407863296_o-1-450x341.jpg 450w, https:\/\/museosanitariovigo.es\/wp-content\/uploads\/2018\/03\/29197168_803116946543436_8960742208407863296_o-1.jpg 1300w\" data-sizes=\"(max-width: 1030px) 100vw, 1030px\" data-rel='gallery-1' data-prev-img='https:\/\/museosanitariovigo.es\/wp-content\/uploads\/2018\/03\/29197168_803116946543436_8960742208407863296_o-1-495x400.jpg' class='lightbox ' data-onclick='6' title='El Doctor Alberto Rodr\u00edguez Costa'  itemprop=\"thumbnailUrl\"  ><img class=\"wp-image-3596 avia-img-lazy-loading-not-3596\"  data-avia-tooltip='El Doctor Alberto Rodr\u00edguez Costa' src=\"https:\/\/museosanitariovigo.es\/wp-content\/uploads\/2018\/03\/29197168_803116946543436_8960742208407863296_o-1-495x400.jpg\" width=\"495\" height=\"400\"  title='Recepci\u00f3n de 10 pezas doadas polos doutores Alberto Rodr\u00edguez Costa e V\u00edctor Ru\u00edz Ochoa. \/ Recepci\u00f3n de 10 piezas donadas pot los doctores Alberto Rodr\u00edguez Costa y V\u00edctor Ru\u00edz Ochoa.' alt='' srcset=\"https:\/\/museosanitariovigo.es\/wp-content\/uploads\/2018\/03\/29197168_803116946543436_8960742208407863296_o-1-495x400.jpg 495w, https:\/\/museosanitariovigo.es\/wp-content\/uploads\/2018\/03\/29197168_803116946543436_8960742208407863296_o-1-845x684.jpg 845w\" sizes=\"(max-width: 495px) 100vw, 495px\" \/><div class='big-prev-fake'><img loading=\"lazy\" class=\"wp-image-3596 avia-img-lazy-loading-3596\"  width=\"495\" height=\"400\" src=\"https:\/\/museosanitariovigo.es\/wp-content\/uploads\/2018\/03\/29197168_803116946543436_8960742208407863296_o-1-495x400.jpg\" title='Recepci\u00f3n de 10 pezas doadas polos doutores Alberto Rodr\u00edguez Costa e V\u00edctor Ru\u00edz Ochoa. \/ Recepci\u00f3n de 10 piezas donadas pot los doctores Alberto Rodr\u00edguez Costa y V\u00edctor Ru\u00edz Ochoa.' alt='' srcset=\"https:\/\/museosanitariovigo.es\/wp-content\/uploads\/2018\/03\/29197168_803116946543436_8960742208407863296_o-1-495x400.jpg 495w, https:\/\/museosanitariovigo.es\/wp-content\/uploads\/2018\/03\/29197168_803116946543436_8960742208407863296_o-1-845x684.jpg 845w\" sizes=\"(max-width: 495px) 100vw, 495px\" \/><\/div><\/a><a href=\"https:\/\/museosanitariovigo.es\/wp-content\/uploads\/2018\/03\/29176782_803117073210090_3086490299225079808_o-1030x686.jpg\" data-srcset=\"https:\/\/museosanitariovigo.es\/wp-content\/uploads\/2018\/03\/29176782_803117073210090_3086490299225079808_o-1030x686.jpg 1030w, https:\/\/museosanitariovigo.es\/wp-content\/uploads\/2018\/03\/29176782_803117073210090_3086490299225079808_o-300x200.jpg 300w, https:\/\/museosanitariovigo.es\/wp-content\/uploads\/2018\/03\/29176782_803117073210090_3086490299225079808_o-768x512.jpg 768w, https:\/\/museosanitariovigo.es\/wp-content\/uploads\/2018\/03\/29176782_803117073210090_3086490299225079808_o-705x470.jpg 705w, https:\/\/museosanitariovigo.es\/wp-content\/uploads\/2018\/03\/29176782_803117073210090_3086490299225079808_o-450x300.jpg 450w, https:\/\/museosanitariovigo.es\/wp-content\/uploads\/2018\/03\/29176782_803117073210090_3086490299225079808_o.jpg 1300w\" data-sizes=\"(max-width: 1030px) 100vw, 1030px\" data-rel='gallery-1' data-prev-img='https:\/\/museosanitariovigo.es\/wp-content\/uploads\/2018\/03\/29176782_803117073210090_3086490299225079808_o-495x400.jpg' class='first_thumb lightbox ' data-onclick='7' title='El Doctor Alberto Rodr\u00edguez Costa'  itemprop=\"thumbnailUrl\"  ><img class=\"wp-image-3590 avia-img-lazy-loading-not-3590\"  data-avia-tooltip='El Doctor Alberto Rodr\u00edguez Costa' src=\"https:\/\/museosanitariovigo.es\/wp-content\/uploads\/2018\/03\/29176782_803117073210090_3086490299225079808_o-495x400.jpg\" width=\"495\" height=\"400\"  title='Recepci\u00f3n de 10 pezas doadas polos doutores Alberto Rodr\u00edguez Costa e V\u00edctor Ru\u00edz Ochoa. \/ Recepci\u00f3n de 10 piezas donadas pot los doctores Alberto Rodr\u00edguez Costa y V\u00edctor Ru\u00edz Ochoa.' alt='' srcset=\"https:\/\/museosanitariovigo.es\/wp-content\/uploads\/2018\/03\/29176782_803117073210090_3086490299225079808_o-495x400.jpg 495w, https:\/\/museosanitariovigo.es\/wp-content\/uploads\/2018\/03\/29176782_803117073210090_3086490299225079808_o-845x684.jpg 845w\" sizes=\"(max-width: 495px) 100vw, 495px\" \/><div class='big-prev-fake'><img loading=\"lazy\" class=\"wp-image-3590 avia-img-lazy-loading-3590\"  width=\"495\" height=\"400\" src=\"https:\/\/museosanitariovigo.es\/wp-content\/uploads\/2018\/03\/29176782_803117073210090_3086490299225079808_o-495x400.jpg\" title='Recepci\u00f3n de 10 pezas doadas polos doutores Alberto Rodr\u00edguez Costa e V\u00edctor Ru\u00edz Ochoa. \/ Recepci\u00f3n de 10 piezas donadas pot los doctores Alberto Rodr\u00edguez Costa y V\u00edctor Ru\u00edz Ochoa.' alt='' srcset=\"https:\/\/museosanitariovigo.es\/wp-content\/uploads\/2018\/03\/29176782_803117073210090_3086490299225079808_o-495x400.jpg 495w, https:\/\/museosanitariovigo.es\/wp-content\/uploads\/2018\/03\/29176782_803117073210090_3086490299225079808_o-845x684.jpg 845w\" sizes=\"(max-width: 495px) 100vw, 495px\" \/><\/div><\/a><\/div><\/div>\n<\/div><\/div><\/main><!-- close content main element --><\/div><\/div><div id='av_section_2'  class='avia-section av-av_section-2bb5dbc2f4280f0fa9c0823dd68eaa60 main_color avia-section-small avia-no-border-styling  avia-builder-el-5  el_after_av_section  avia-builder-el-last  avia-bg-style-scroll container_wrap fullsize'  ><div class='container av-section-cont-open' ><div class='template-page content  av-content-full alpha units'><div class='post-entry post-entry-type-page post-entry-1950'><div class='entry-content-wrapper clearfix'>\n<div  class='av_promobox av-av_promobox-9b3dec493fd7be86e117e484afc6d166 avia-button-yes  avia-builder-el-6  el_before_av_hr  avia-builder-el-first '><div class='avia-promocontent'><p>Contacte con el museo si usted tiene alguna pieza o documento gr\u00e1fico, hist\u00f3rico, audiovisual que pueda ser de inter\u00e9s p\u00fablico<\/p>\n<\/div><div  class='avia-button-wrap av-av_button-377873482d5f30ecb8f1d2495225940e-wrap avia-button-right ' ><a href='https:\/\/museosanitariovigo.es\/es\/contactar\/'  class='avia-button av-av_button-377873482d5f30ecb8f1d2495225940e avia-icon_select-no avia-size-large avia-position-right avia-color-theme-color' ><span class='avia_iconbox_title' >Contactar<\/span><\/a><\/div><\/div>\n\n<style type=\"text\/css\" data-created_by=\"avia_inline_auto\" id=\"style-css-av-av_hr-4474f20d2389e2e5ecf918a02da5132e\">\n#top .hr.hr-invisible.av-av_hr-4474f20d2389e2e5ecf918a02da5132e{\nheight:50px;\n}\n<\/style>\n<div  class='hr av-av_hr-4474f20d2389e2e5ecf918a02da5132e hr-invisible  avia-builder-el-7  el_after_av_promobox  avia-builder-el-last '><span class='hr-inner '><span class=\"hr-inner-style\"><\/span><\/span><\/div>\n<\/p>\n","protected":false},"excerpt":{"rendered":"","protected":false},"author":1,"featured_media":0,"parent":0,"menu_order":0,"comment_status":"closed","ping_status":"closed","template":"","meta":[],"_links":{"self":[{"href":"https:\/\/museosanitariovigo.es\/es\/wp-json\/wp\/v2\/pages\/1950"}],"collection":[{"href":"https:\/\/museosanitariovigo.es\/es\/wp-json\/wp\/v2\/pages"}],"about":[{"href":"https:\/\/museosanitariovigo.es\/es\/wp-json\/wp\/v2\/types\/page"}],"author":[{"embeddable":true,"href":"https:\/\/museosanitariovigo.es\/es\/wp-json\/wp\/v2\/users\/1"}],"replies":[{"embeddable":true,"href":"https:\/\/museosanitariovigo.es\/es\/wp-json\/wp\/v2\/comments?post=1950"}],"version-history":[{"count":7,"href":"https:\/\/museosanitariovigo.es\/es\/wp-json\/wp\/v2\/pages\/1950\/revisions"}],"predecessor-version":[{"id":3846,"href":"https:\/\/museosanitariovigo.es\/es\/wp-json\/wp\/v2\/pages\/1950\/revisions\/3846"}],"wp:attachment":[{"href":"https:\/\/museosanitariovigo.es\/es\/wp-json\/wp\/v2\/media?parent=1950"}],"curies":[{"name":"wp","href":"https:\/\/api.w.org\/{rel}","templated":true}]}}