{"id":3307,"date":"2018-03-07T08:31:15","date_gmt":"2018-03-07T07:31:15","guid":{"rendered":"https:\/\/museosanitariovigo.es\/obras-artisticas\/"},"modified":"2018-03-07T09:26:37","modified_gmt":"2018-03-07T08:26:37","slug":"obras-artisticas","status":"publish","type":"page","link":"https:\/\/museosanitariovigo.es\/es\/obras-artisticas\/","title":{"rendered":"Obras art\u00edsticas"},"content":{"rendered":"<div id='av_section_1'  class='avia-section av-av_section-cd7c74cdf1539b7d0d3a74e8733ed279 main_color avia-section-default avia-no-shadow  avia-builder-el-0  avia-builder-el-no-sibling  search avia-bg-style-scroll container_wrap fullsize'  ><div class='container av-section-cont-open' ><main  role=\"main\" itemprop=\"mainContentOfPage\"  class='template-page content  av-content-full alpha units'><div class='post-entry post-entry-type-page post-entry-3307'><div class='entry-content-wrapper clearfix'>\n\n<style type=\"text\/css\" data-created_by=\"avia_inline_auto\" id=\"style-css-av-av_one_third-fa2b126273d4459fc2967fde76623be1\">\n.flex_column.av-av_one_third-fa2b126273d4459fc2967fde76623be1{\n-webkit-border-radius:0px 0px 0px 0px;\n-moz-border-radius:0px 0px 0px 0px;\nborder-radius:0px 0px 0px 0px;\npadding:0px 0px 0px 0px;\n}\n<\/style>\n<div class='flex_column av-av_one_third-fa2b126273d4459fc2967fde76623be1 av_one_third  avia-builder-el-1  el_before_av_two_third  avia-builder-el-first  grid-search-item-filters first flex_column_div av-zero-column-padding '     ><section  class='av_textblock_section av-av_textblock-2de302bf1aa3cf4c9157dbe6f50ac7eb'  itemscope=\"itemscope\" itemtype=\"https:\/\/schema.org\/CreativeWork\" ><div class='avia_textblock'  itemprop=\"text\" ><form data-sf-form-id='3313' data-is-rtl='0' data-maintain-state='' data-results-url='https:\/\/museosanitariovigo.es\/es\/obras-artisticas\/' data-ajax-url='https:\/\/museosanitariovigo.es\/es\/?sfid=3313&amp;sf_action=get_data&amp;sf_data=results' data-ajax-form-url='https:\/\/museosanitariovigo.es\/es\/?sfid=3313&amp;sf_action=get_data&amp;sf_data=form' data-display-result-method='shortcode' data-use-history-api='1' data-template-loaded='0' data-lang-code='es' data-ajax='1' data-ajax-data-type='json' data-ajax-links-selector='.pagination a' data-ajax-target='#search-filter-results-3313' data-ajax-pagination-type='infinite_scroll' data-show-scroll-loader='1' data-infinite-scroll-trigger='-100' data-update-ajax-url='1' data-only-results-ajax='1' data-scroll-to-pos='window' data-scroll-on-action='all' data-init-paged='1' data-auto-update='1' action='https:\/\/museosanitariovigo.es\/es\/obras-artisticas\/' method='post' class='searchandfilter' id='search-filter-form-3313' autocomplete='off' data-instance-count='1'><ul><li class=\"sf-field-search\" data-sf-field-name=\"search\" data-sf-field-type=\"search\" data-sf-field-input-type=\"\"><h4>BUSCAR OBRAS<\/h4>\t\t<label><input placeholder=\"Buscar \u2026\" name=\"_sf_search[]\" class=\"sf-input-text\" type=\"text\" value=\"\" title=\"\"><\/label>\t\t<\/li><li class=\"sf-field-taxonomy-hospital\" data-sf-field-name=\"_sft_hospital\" data-sf-field-type=\"taxonomy\" data-sf-field-input-type=\"select\"><h4>Hospitales de Vigo<\/h4>\t\t<label>\r\n\t\t\t\t<select name=\"_sft_hospital[]\" class=\"sf-input-select\" title=\"\">\r\n\t\t\t\r\n\t\t\t\t\t\t<option class=\"sf-level-0 sf-item-0 sf-option-active\" selected=\"selected\" data-sf-count=\"0\" data-sf-depth=\"0\" value=\"\">Todos los Hospitales<\/option>\r\n\t\t\t\t\t\t<option class=\"sf-level-0 sf-item-82\" data-sf-count=\"1\" data-sf-depth=\"0\" value=\"centros-de-atencion-primaria-es\">Centros de Atenci\u00f3n Primaria<\/option>\r\n\t\t\t\t\t\t<option class=\"sf-level-0 sf-item-83\" data-sf-count=\"14\" data-sf-depth=\"0\" value=\"hospital-alvaro-cunqueiro-es\">Hospital \u00c1lvaro Cunqueiro<\/option>\r\n\t\t\t\t\t\t<option class=\"sf-level-0 sf-item-84\" data-sf-count=\"2\" data-sf-depth=\"0\" value=\"hospital-meixoeiro-es\">Hospital Meixoeiro<\/option>\r\n\t\t\t\t\t\t<option class=\"sf-level-0 sf-item-85\" data-sf-count=\"4\" data-sf-depth=\"0\" value=\"hospital-nicolas-pena-es\">Hospital Nicolas Pe\u00f1a<\/option>\r\n\t\t\t\t\t\t<option class=\"sf-level-0 sf-item-86\" data-sf-count=\"5\" data-sf-depth=\"0\" value=\"hospital-rebullon-es\">Hospital Rebull\u00f3n<\/option>\r\n\t\t\t\t\t\t<option class=\"sf-level-0 sf-item-87\" data-sf-count=\"17\" data-sf-depth=\"0\" value=\"hospital-xeral-es\">Hospital Xeral<\/option>\r\n\t\t\t\t\t\t<option class=\"sf-level-0 sf-item-88\" data-sf-count=\"2\" data-sf-depth=\"0\" value=\"policlinico-cies-es\">Policl\u00ednico C\u00edes<\/option>\r\n\t\t\t\t\t\t<option class=\"sf-level-0 sf-item-171\" data-sf-count=\"1\" data-sf-depth=\"0\" value=\"povisa-es\">Povisa<\/option>\r\n\t\t\t\t\t<\/select>\r\n\t\t<\/label>\t\t<\/li><li class=\"sf-field-post-meta-wpcf-epoca-obra\" data-sf-field-name=\"_sfm_wpcf-epoca-obra\" data-sf-field-type=\"post_meta\" data-sf-field-input-type=\"select\" data-sf-meta-type=\"choice\"><h4>\u00c9poca<\/h4>\t\t<label>\r\n\t\t\t\t<select name=\"_sfm_wpcf-epoca-obra[]\" class=\"sf-input-select\" title=\"\">\r\n\t\t\t\r\n\t\t\t\t\t\t<option class=\"sf-level-0 sf-item-0 sf-option-active\" selected=\"selected\" data-sf-depth=\"0\" value=\"\">Todas las \u00e9pocas<\/option>\r\n\t\t\t\t\t\t<option class=\"sf-level-0 \" data-sf-count=\"-1\" data-sf-depth=\"0\" value=\"Entre 1950-1999\">Entre 1950-1999<\/option>\r\n\t\t\t\t\t\t<option class=\"sf-level-0 \" data-sf-count=\"-1\" data-sf-depth=\"0\" value=\"S\u00e9culo XXI\">S\u00e9culo XXI<\/option>\r\n\t\t\t\t\t<\/select>\r\n\t\t<\/label>\t\t<\/li><li class=\"sf-field-post-meta-wpcf-procedencia-e-ubicacion-obra\" data-sf-field-name=\"_sfm_wpcf-procedencia-e-ubicacion-obra\" data-sf-field-type=\"post_meta\" data-sf-field-input-type=\"select\" data-sf-meta-type=\"choice\"><h4>Procedencia<\/h4>\t\t<label>\r\n\t\t\t\t<select name=\"_sfm_wpcf-procedencia-e-ubicacion-obra[]\" class=\"sf-input-select\" title=\"\">\r\n\t\t\t\r\n\t\t\t\t\t\t<option class=\"sf-level-0 sf-item-0 sf-option-active\" selected=\"selected\" data-sf-depth=\"0\" value=\"\">Cualquier procedencia<\/option>\r\n\t\t\t\t\t\t<option class=\"sf-level-0 \" data-sf-count=\"-1\" data-sf-depth=\"0\" value=\"A Coru\u00f1a\">A Coru\u00f1a<\/option>\r\n\t\t\t\t\t\t<option class=\"sf-level-0 \" data-sf-count=\"-1\" data-sf-depth=\"0\" value=\"Extranxeiro\">Extranxeiro<\/option>\r\n\t\t\t\t\t\t<option class=\"sf-level-0 \" data-sf-count=\"-1\" data-sf-depth=\"0\" value=\"Pontevedra\">Pontevedra<\/option>\r\n\t\t\t\t\t<\/select>\r\n\t\t<\/label>\t\t<\/li><li class=\"sf-field-post-meta-wpcf-tecnica-da-obra\" data-sf-field-name=\"_sfm_wpcf-tecnica-da-obra\" data-sf-field-type=\"post_meta\" data-sf-field-input-type=\"select\" data-sf-meta-type=\"choice\"><h4>T\u00e9cnica de la obra<\/h4>\t\t<label>\r\n\t\t\t\t<select name=\"_sfm_wpcf-tecnica-da-obra[]\" class=\"sf-input-select\" title=\"\">\r\n\t\t\t\r\n\t\t\t\t\t\t<option class=\"sf-level-0 sf-item-0 sf-option-active\" selected=\"selected\" data-sf-depth=\"0\" value=\"\">Todas las t\u00e9cnicas<\/option>\r\n\t\t\t\t\t\t<option class=\"sf-level-0 \" data-sf-count=\"-1\" data-sf-depth=\"0\" value=\"Escultura\">Escultura<\/option>\r\n\t\t\t\t\t\t<option class=\"sf-level-0 \" data-sf-count=\"-1\" data-sf-depth=\"0\" value=\"Pintura\">Pintura<\/option>\r\n\t\t\t\t\t<\/select>\r\n\t\t<\/label>\t\t<\/li><li class=\"sf-field-sort_order\" data-sf-field-name=\"_sf_sort_order\" data-sf-field-type=\"sort_order\" data-sf-field-input-type=\"select\"><h4>Ordenar<\/h4>\t\t<label>\r\n\t\t\t\t<select name=\"_sf_sort_order[]\" class=\"sf-input-select\" title=\"\">\r\n\t\t\t\r\n\t\t\t\t\t\t<option class=\"sf-level-0 sf-item-0 sf-option-active\" selected=\"selected\" data-sf-depth=\"0\" value=\"\">Orden por defecto<\/option>\r\n\t\t\t\t\t\t<option class=\"sf-level-0 \" data-sf-depth=\"0\" value=\"title+asc\">Ordenar por nombre<\/option>\r\n\t\t\t\t\t\t<option class=\"sf-level-0 \" data-sf-depth=\"0\" value=\"date+desc\">\u00daltimos registrados<\/option>\r\n\t\t\t\t\t<\/select>\r\n\t\t<\/label>\t\t<\/li><li class=\"sf-field-reset\" data-sf-field-name=\"reset\" data-sf-field-type=\"reset\" data-sf-field-input-type=\"button\"><h4>Borrar filtros<\/h4><input type=\"submit\" class=\"search-filter-reset\" name=\"_sf_reset\" value=\"Eliminar\" data-search-form-id=\"3313\" data-sf-submit-form=\"always\"><\/li><\/ul><\/form>\n<\/div><\/section><\/div>\n<style type=\"text\/css\" data-created_by=\"avia_inline_auto\" id=\"style-css-av-av_two_third-c8fc129dc35fd1ae2a1e410224d39ea8\">\n.flex_column.av-av_two_third-c8fc129dc35fd1ae2a1e410224d39ea8{\n-webkit-border-radius:0px 0px 0px 0px;\n-moz-border-radius:0px 0px 0px 0px;\nborder-radius:0px 0px 0px 0px;\npadding:0px 0px 0px 0px;\n}\n<\/style>\n<div class='flex_column av-av_two_third-c8fc129dc35fd1ae2a1e410224d39ea8 av_two_third  avia-builder-el-3  el_after_av_one_third  avia-builder-el-last  flex_column_div av-zero-column-padding '     ><section  class='av_textblock_section av-av_textblock-2de302bf1aa3cf4c9157dbe6f50ac7eb'  itemscope=\"itemscope\" itemtype=\"https:\/\/schema.org\/CreativeWork\" ><div class='avia_textblock'  itemprop=\"text\" ><div class=\"search-filter-results\" id=\"search-filter-results-3313\"><div class='grid-search'>\t\t<div class='grid-search-item'>\n\t\t<a href=\"https:\/\/museosanitariovigo.es\/es\/obra-artistica\/volumenes-en-el-espacio-pedro-solveira-collazo\/\">\n\n\t\t\t<img width=\"705\" height=\"464\" src=\"https:\/\/museosanitariovigo.es\/wp-content\/uploads\/2018\/02\/OBRA4-705x464.jpg\" class=\"wp-image-2859 avia-img-lazy-loading-2859 attachment-masonry size-masonry wp-post-image\" alt=\"\" loading=\"lazy\" srcset=\"https:\/\/museosanitariovigo.es\/wp-content\/uploads\/2018\/02\/OBRA4-705x464.jpg 705w, https:\/\/museosanitariovigo.es\/wp-content\/uploads\/2018\/02\/OBRA4-300x197.jpg 300w, https:\/\/museosanitariovigo.es\/wp-content\/uploads\/2018\/02\/OBRA4-768x505.jpg 768w, https:\/\/museosanitariovigo.es\/wp-content\/uploads\/2018\/02\/OBRA4-450x296.jpg 450w, https:\/\/museosanitariovigo.es\/wp-content\/uploads\/2018\/02\/OBRA4.jpg 839w\" sizes=\"(max-width: 705px) 100vw, 705px\" \/>\n\t\t\t\n\t\t\t<div class=\"content\">\n\t\t\t\t<h2>Vol\u00famenes en el espacio. Pedro Solveira Collazo.<\/h2>\n\t\t\t\t<p><p>El vigu\u00e9s Pedro Solveira  Collazo es uno de los artistas gallegos vivos de mayor proyecci\u00f3n internacional. Crea una noticia t\u00e9cnica, la pintura al esmalte sobre hierro  cincelado con la que desarrolla su obra  figurativa, que ir\u00e1 evolucionando hasta originar otra t\u00e9cnica<br \/>\nnovedosa, la de  oxidaci\u00f3n sobre hierro  cincelado. En la actualidad contin\u00faa trabajando nos sus estudios de Vigo y A Guarda, adem\u00e1s de preparar una retrospectiva para el Museo de Pontevedra.<\/p>\n<p>\n\t\t\t<\/div>\n\t\t\t\n\t\t\t<\/a>\n\t\t<\/div>\n\t\t\n\t\t\n\t\t\t\t<div class='grid-search-item'>\n\t\t<a href=\"https:\/\/museosanitariovigo.es\/es\/obra-artistica\/codigo-de-emocion-xose-luis-otero-becerra\/\">\n\n\t\t\t<img width=\"500\" height=\"705\" src=\"https:\/\/museosanitariovigo.es\/wp-content\/uploads\/2018\/02\/OBRA-OTERO-731x1030-500x705.jpg\" class=\"wp-image-2849 avia-img-lazy-loading-2849 attachment-masonry size-masonry wp-post-image\" alt=\"\" loading=\"lazy\" srcset=\"https:\/\/museosanitariovigo.es\/wp-content\/uploads\/2018\/02\/OBRA-OTERO-731x1030-500x705.jpg 500w, https:\/\/museosanitariovigo.es\/wp-content\/uploads\/2018\/02\/OBRA-OTERO-731x1030-213x300.jpg 213w, https:\/\/museosanitariovigo.es\/wp-content\/uploads\/2018\/02\/OBRA-OTERO-731x1030.jpg 731w, https:\/\/museosanitariovigo.es\/wp-content\/uploads\/2018\/02\/OBRA-OTERO-731x1030-450x634.jpg 450w\" sizes=\"(max-width: 500px) 100vw, 500px\" \/>\n\t\t\t\n\t\t\t<div class=\"content\">\n\t\t\t\t<h2>C\u00f3digo de emoci\u00f3n. Xose Luis Otero Becerra<\/h2>\n\t\t\t\t<p><p>Nacido en Xinzo de Limia, provincia de Ourense, en el a\u00f1o 1967, Otero Becerra fija su residencia en Vigo obteniendo diversos reconocimientos por su obra y trayectoria profesional. Entre ellos, el hecho de vestir los corredores de los hospitales gallegos de referencia como pudo ser El Meixoeiro en su momento, y el Hospital \u00c1lvaro Cunqueiro ahora.<br \/>\nC\u00f3digo de emoci\u00f3n es una obra abstracta -tal y como  \u00e9l apunt\u00f3 en unas declaraciones al peri\u00f3dico a Voz de Galicia-, en la que dibuj\u00f3  tintes sanitarios en formas en las que se puede vislumbrar un  gotero.<\/p>\n<p>\n\t\t\t<\/div>\n\t\t\t\n\t\t\t<\/a>\n\t\t<\/div>\n\t\t\n\t\t\n\t\t\t\t<div class='grid-search-item'>\n\t\t<a href=\"https:\/\/museosanitariovigo.es\/es\/obra-artistica\/o-mar-das-cies-angeles-jorreto\/\">\n\n\t\t\t<img width=\"705\" height=\"504\" src=\"https:\/\/museosanitariovigo.es\/wp-content\/uploads\/2018\/02\/OBRA-JORRETO-1-705x504.jpg\" class=\"wp-image-2842 avia-img-lazy-loading-2842 attachment-masonry size-masonry wp-post-image\" alt=\"\" loading=\"lazy\" srcset=\"https:\/\/museosanitariovigo.es\/wp-content\/uploads\/2018\/02\/OBRA-JORRETO-1-705x504.jpg 705w, https:\/\/museosanitariovigo.es\/wp-content\/uploads\/2018\/02\/OBRA-JORRETO-1-300x215.jpg 300w, https:\/\/museosanitariovigo.es\/wp-content\/uploads\/2018\/02\/OBRA-JORRETO-1-260x185.jpg 260w, https:\/\/museosanitariovigo.es\/wp-content\/uploads\/2018\/02\/OBRA-JORRETO-1-450x322.jpg 450w, https:\/\/museosanitariovigo.es\/wp-content\/uploads\/2018\/02\/OBRA-JORRETO-1.jpg 709w\" sizes=\"(max-width: 705px) 100vw, 705px\" \/>\n\t\t\t\n\t\t\t<div class=\"content\">\n\t\t\t\t<h2>O  mar das C\u00edes. \u00c1ngeles Jorreto.<\/h2>\n\t\t\t\t<p><p>\u00c1ngeles Jorreto nace en Ourense, donde vive hasta 1965, a\u00f1o en el que traslada su residencia a  Vio. Para enriquecer su formaci\u00f3n realiza diversos viajes:  Florencia, Madrid, Par\u00eds, Roma, Londres&#8230;<br \/>\nEn 1979 monta su primer estudio y comienza su actividad expositiva, con m\u00e1s de 100 inauguraciones a nivel nacional e internacional, mostrando su obra en  Oporto, Par\u00eds, y en otras ciudades de pa\u00edses como Holanda, Italia, Austria, etc. Sus obras se topan repartidas entre colecciones particulares, museos e instituciones de todo el mundo.<br \/>\nSugesti\u00f3n, exultante beleza, personalidade, onirismo, feminidad, intemporalidad, todo un c\u00famulo de sensaciones se dan a trav\u00e9s da obra de Angeles Jorreto.<\/p>\n<p>\n\t\t\t<\/div>\n\t\t\t\n\t\t\t<\/a>\n\t\t<\/div>\n\t\t\n\t\t\n\t\t\t\t<div class='grid-search-item'>\n\t\t<a href=\"https:\/\/museosanitariovigo.es\/es\/obra-artistica\/esmelle-diego-germade\/\">\n\n\t\t\t<img width=\"705\" height=\"287\" src=\"https:\/\/museosanitariovigo.es\/wp-content\/uploads\/2018\/02\/Obra-Germade-1030x420-705x287.jpg\" class=\"wp-image-2835 avia-img-lazy-loading-2835 attachment-masonry size-masonry wp-post-image\" alt=\"\" loading=\"lazy\" srcset=\"https:\/\/museosanitariovigo.es\/wp-content\/uploads\/2018\/02\/Obra-Germade-1030x420-705x287.jpg 705w, https:\/\/museosanitariovigo.es\/wp-content\/uploads\/2018\/02\/Obra-Germade-1030x420-300x122.jpg 300w, https:\/\/museosanitariovigo.es\/wp-content\/uploads\/2018\/02\/Obra-Germade-1030x420-768x313.jpg 768w, https:\/\/museosanitariovigo.es\/wp-content\/uploads\/2018\/02\/Obra-Germade-1030x420.jpg 1030w, https:\/\/museosanitariovigo.es\/wp-content\/uploads\/2018\/02\/Obra-Germade-1030x420-450x183.jpg 450w\" sizes=\"(max-width: 705px) 100vw, 705px\" \/>\n\t\t\t\n\t\t\t<div class=\"content\">\n\t\t\t\t<h2>Esmelle. Diego Germade<\/h2>\n\t\t\t\t<p><p>Diego  Germade, arquitecto cangu\u00e9s y  estudiante de  doctorado en Bellas Artes, fue seleccionado para elaborar la obra de 6 metros de largo por m\u00e1s de 2 de alto que hoy preside la recepci\u00f3n del nuevo hospital de Vigo, \u00c1lvaro Cunqueiro.<\/p>\n<p>\n\t\t\t<\/div>\n\t\t\t\n\t\t\t<\/a>\n\t\t<\/div>\n\t\t\n\t\t\n\t\t\t\t<div class='grid-search-item'>\n\t\t<a href=\"https:\/\/museosanitariovigo.es\/es\/obra-artistica\/escultura-del-mar-jorge-castillo-casalderrey\/\">\n\n\t\t\t<img width=\"705\" height=\"446\" src=\"https:\/\/museosanitariovigo.es\/wp-content\/uploads\/2018\/02\/OBRA-705x446.jpg\" class=\"wp-image-2821 avia-img-lazy-loading-2821 attachment-masonry size-masonry wp-post-image\" alt=\"\" loading=\"lazy\" srcset=\"https:\/\/museosanitariovigo.es\/wp-content\/uploads\/2018\/02\/OBRA-705x446.jpg 705w, https:\/\/museosanitariovigo.es\/wp-content\/uploads\/2018\/02\/OBRA-300x190.jpg 300w, https:\/\/museosanitariovigo.es\/wp-content\/uploads\/2018\/02\/OBRA-768x485.jpg 768w, https:\/\/museosanitariovigo.es\/wp-content\/uploads\/2018\/02\/OBRA-450x284.jpg 450w, https:\/\/museosanitariovigo.es\/wp-content\/uploads\/2018\/02\/OBRA.jpg 886w\" sizes=\"(max-width: 705px) 100vw, 705px\" \/>\n\t\t\t\n\t\t\t<div class=\"content\">\n\t\t\t\t<h2>Escultura del mar. Jorge Castillo Casalderrey<\/h2>\n\t\t\t\t<p><p>El pontevedr\u00e9s Jorge  Castillo  Casalderrey es uno de los artistas gallegos vivos de mayor proyecci\u00f3n internacional. Sus esculturas se emplazan en lugares p\u00fablicos de las ciudades m\u00e1s importantes del occidente europeo. En Espa\u00f1a se consagra definitivamente con la publicaci\u00f3n del manual de  Ratcliff por ediciones La Pol\u00edgrafa. Jorge  Castillo vive actualmente entre Suecia y Espa\u00f1a donde contin\u00faa desarrollando su actividad art\u00edstica.<\/p>\n<p>\n\t\t\t<\/div>\n\t\t\t\n\t\t\t<\/a>\n\t\t<\/div>\n\t\t\n\t\t\n\t\t\t\t<div class='grid-search-item'>\n\t\t<a href=\"https:\/\/museosanitariovigo.es\/es\/obra-artistica\/abstraccion-alberto-rodriguez-costa\/\">\n\n\t\t\t<img width=\"474\" height=\"705\" src=\"https:\/\/museosanitariovigo.es\/wp-content\/uploads\/2018\/02\/obra-costa-692x1030-474x705.jpg\" class=\"wp-image-2856 avia-img-lazy-loading-2856 attachment-masonry size-masonry wp-post-image\" alt=\"\" loading=\"lazy\" srcset=\"https:\/\/museosanitariovigo.es\/wp-content\/uploads\/2018\/02\/obra-costa-692x1030-474x705.jpg 474w, https:\/\/museosanitariovigo.es\/wp-content\/uploads\/2018\/02\/obra-costa-692x1030-202x300.jpg 202w, https:\/\/museosanitariovigo.es\/wp-content\/uploads\/2018\/02\/obra-costa-692x1030.jpg 692w, https:\/\/museosanitariovigo.es\/wp-content\/uploads\/2018\/02\/obra-costa-692x1030-450x670.jpg 450w\" sizes=\"(max-width: 474px) 100vw, 474px\" \/>\n\t\t\t\n\t\t\t<div class=\"content\">\n\t\t\t\t<h2>Abstracci\u00f3n. Alberto Rodr\u00edguez Costa<\/h2>\n\t\t\t\t<p><p>Este m\u00e9dico de profesi\u00f3n  conv\u00e9rtese en artista por vocaci\u00f3n empregando materiais cir\u00farxicos para elaborar as s\u00faas eloxiadas obras de arte. Familiar\u00edzase co ferro da man do seu av\u00f3 Juan Costa &#8211; ferreiro e artista-. Na actualidade \u00e9 Socio fundador de  GALUART  (Asociaci\u00f3n Galaico-Lusa de Artistas Pl\u00e1sticos  e  Visuais). E Socio de Honra de Le   Cercle  deas   Artistes   Peintres   et   Esculpteurs   du   Qu\u00e8bec (Canad\u00e1).<\/p>\n<p>\n\t\t\t<\/div>\n\t\t\t\n\t\t\t<\/a>\n\t\t<\/div>\n\t\t\n\t\t\n\t\t\t\t<div class='grid-search-item'>\n\t\t<a href=\"https:\/\/museosanitariovigo.es\/es\/obra-artistica\/titan-ramon-conde\/\">\n\n\t\t\t<img width=\"705\" height=\"473\" src=\"https:\/\/museosanitariovigo.es\/wp-content\/uploads\/2018\/02\/conde-1030x691-705x473.jpg\" class=\"wp-image-2830 avia-img-lazy-loading-2830 attachment-masonry size-masonry wp-post-image\" alt=\"\" loading=\"lazy\" srcset=\"https:\/\/museosanitariovigo.es\/wp-content\/uploads\/2018\/02\/conde-1030x691-705x473.jpg 705w, https:\/\/museosanitariovigo.es\/wp-content\/uploads\/2018\/02\/conde-1030x691-300x201.jpg 300w, https:\/\/museosanitariovigo.es\/wp-content\/uploads\/2018\/02\/conde-1030x691-768x515.jpg 768w, https:\/\/museosanitariovigo.es\/wp-content\/uploads\/2018\/02\/conde-1030x691.jpg 1030w, https:\/\/museosanitariovigo.es\/wp-content\/uploads\/2018\/02\/conde-1030x691-450x302.jpg 450w\" sizes=\"(max-width: 705px) 100vw, 705px\" \/>\n\t\t\t\n\t\t\t<div class=\"content\">\n\t\t\t\t<h2>Tit\u00e1n. Ram\u00f3n Conde.<\/h2>\n\t\t\t\t<p><p>Ram\u00f3n \u00c1ngel Conde Berm\u00fadez es un escultor orensano nacido el 15 de diciembre de 1951.<br \/>\nMolde\u00f3 numerosos bustos por encargos, en los que perfecciona sus indudables condiciones de escultor y participa en cert\u00e1menes p\u00fablicos de los que soy resultado sus cabezas, monumentales, de  Valle- Incl\u00e1n, Alfredo Su\u00e1rez Ferr\u00edn en A Coru\u00f1a y Pablo  Iglesias  Posse en Ourense, suficientes para conocer su evoluci\u00f3n desde un realismo tradicional al  ciplope\u00edsmo que caracterizar\u00e1 su obra personal en una modelaci\u00f3n vigorosa.<\/p>\n<p>\n\t\t\t<\/div>\n\t\t\t\n\t\t\t<\/a>\n\t\t<\/div>\n\t\t\n\t\t\n\t\t\t\t<div class='grid-search-item'>\n\t\t<a href=\"https:\/\/museosanitariovigo.es\/es\/obra-artistica\/jose-maria-barreiro\/\">\n\n\t\t\t<img width=\"548\" height=\"705\" src=\"https:\/\/museosanitariovigo.es\/wp-content\/uploads\/2017\/12\/OBRA2-800x1030-548x705.jpg\" class=\"wp-image-2666 avia-img-lazy-loading-2666 attachment-masonry size-masonry wp-post-image\" alt=\"\" loading=\"lazy\" srcset=\"https:\/\/museosanitariovigo.es\/wp-content\/uploads\/2017\/12\/OBRA2-800x1030-548x705.jpg 548w, https:\/\/museosanitariovigo.es\/wp-content\/uploads\/2017\/12\/OBRA2-800x1030-233x300.jpg 233w, https:\/\/museosanitariovigo.es\/wp-content\/uploads\/2017\/12\/OBRA2-800x1030-768x989.jpg 768w, https:\/\/museosanitariovigo.es\/wp-content\/uploads\/2017\/12\/OBRA2-800x1030.jpg 800w, https:\/\/museosanitariovigo.es\/wp-content\/uploads\/2017\/12\/OBRA2-800x1030-450x579.jpg 450w\" sizes=\"(max-width: 548px) 100vw, 548px\" \/>\n\t\t\t\n\t\t\t<div class=\"content\">\n\t\t\t\t<h2>O gaiteiro de Castrelos. Jos\u00e9 Mar\u00eda Barreiro<\/h2>\n\t\t\t\t<p><p>El pontevedr\u00e9s Jos\u00e9 Mar\u00eda Barreiro es uno de los artistas gallegos vivos de mayor proyecci\u00f3n internacional. Con un lenguaje pl\u00e1stico perfectamente consolidada y personal, en la que destaca su libertad en el empleo de los colores, as\u00ed como la acusada sencillez y cercan\u00eda en el tratamiento de la tem\u00e1tica.<\/p>\n<p>\n\t\t\t<\/div>\n\t\t\t\n\t\t\t<\/a>\n\t\t<\/div>\n\t\t\n\t\t\n\t\t\t\n\n\t<\/div><\/div>\n<\/div><\/section><\/div>\n","protected":false},"excerpt":{"rendered":"","protected":false},"author":1,"featured_media":0,"parent":0,"menu_order":0,"comment_status":"closed","ping_status":"closed","template":"","meta":[],"_links":{"self":[{"href":"https:\/\/museosanitariovigo.es\/es\/wp-json\/wp\/v2\/pages\/3307"}],"collection":[{"href":"https:\/\/museosanitariovigo.es\/es\/wp-json\/wp\/v2\/pages"}],"about":[{"href":"https:\/\/museosanitariovigo.es\/es\/wp-json\/wp\/v2\/types\/page"}],"author":[{"embeddable":true,"href":"https:\/\/museosanitariovigo.es\/es\/wp-json\/wp\/v2\/users\/1"}],"replies":[{"embeddable":true,"href":"https:\/\/museosanitariovigo.es\/es\/wp-json\/wp\/v2\/comments?post=3307"}],"version-history":[{"count":3,"href":"https:\/\/museosanitariovigo.es\/es\/wp-json\/wp\/v2\/pages\/3307\/revisions"}],"predecessor-version":[{"id":3310,"href":"https:\/\/museosanitariovigo.es\/es\/wp-json\/wp\/v2\/pages\/3307\/revisions\/3310"}],"wp:attachment":[{"href":"https:\/\/museosanitariovigo.es\/es\/wp-json\/wp\/v2\/media?parent=3307"}],"curies":[{"name":"wp","href":"https:\/\/api.w.org\/{rel}","templated":true}]}}