{"id":3096,"date":"2017-11-30T11:38:07","date_gmt":"2017-11-30T10:38:07","guid":{"rendered":"https:\/\/museosanitariovigo.es\/persoeiro\/dr-enrique-lanzos-sanchez\/"},"modified":"2018-03-04T17:23:36","modified_gmt":"2018-03-04T16:23:36","slug":"dr-enrique-lanzos-sanchez","status":"publish","type":"persoeiro","link":"https:\/\/museosanitariovigo.es\/es\/persoeiro\/dr-enrique-lanzos-sanchez\/","title":{"rendered":"DR. ENRIQUE LANZ\u00d3S S\u00c1NCHEZ"},"content":{"rendered":"<div class=\"col_b\">\n<div class=\"textbox\">\n<div id=\"contenedor\" class=\"textarea unknown\">Precursor de la t\u00e9cnica de la talla hipog\u00e1strica para la extracci\u00f3n de c\u00e1lculos vesiculares. La primera intervenci\u00f3n la realiz\u00f3 en el a\u00f1o 1879 en Santiago de Compostela. Despu\u00e9s de un breve estad\u00edo en Madrid, Enrique Lanz\u00f3s se traslada a Vigo, donde ejerci\u00f3 como cirujano en el Hospital de la Caridad, en el Cuarto de Socorro, y en el Hospital Municipal.<\/div>\n<div class=\"textarea unknown\">Posteriormente ostent\u00f3 la Direcci\u00f3n del Hospital Elduayen, cargo que desarroll\u00f3 entre 1898 y 1930. Fotograf\u00eda Pacheco.<\/div>\n<\/div>\n<\/div>\n","protected":false},"excerpt":{"rendered":"<p>Precursor de la t\u00e9cnica de la talla  hipog\u00e1strica para la extracci\u00f3n de c\u00e1lculos  vesiculares. La primera intervenci\u00f3n la realiz\u00f3 en el a\u00f1o 1879 en Santiago de Compostela.<\/p>\n","protected":false},"featured_media":2195,"template":"","hospital":[],"_links":{"self":[{"href":"https:\/\/museosanitariovigo.es\/es\/wp-json\/wp\/v2\/persoeiro\/3096"}],"collection":[{"href":"https:\/\/museosanitariovigo.es\/es\/wp-json\/wp\/v2\/persoeiro"}],"about":[{"href":"https:\/\/museosanitariovigo.es\/es\/wp-json\/wp\/v2\/types\/persoeiro"}],"wp:featuredmedia":[{"embeddable":true,"href":"https:\/\/museosanitariovigo.es\/es\/wp-json\/wp\/v2\/media\/2195"}],"wp:attachment":[{"href":"https:\/\/museosanitariovigo.es\/es\/wp-json\/wp\/v2\/media?parent=3096"}],"wp:term":[{"taxonomy":"hospital","embeddable":true,"href":"https:\/\/museosanitariovigo.es\/es\/wp-json\/wp\/v2\/hospital?post=3096"}],"curies":[{"name":"wp","href":"https:\/\/api.w.org\/{rel}","templated":true}]}}