{"id":3104,"date":"2017-11-30T11:35:00","date_gmt":"2017-11-30T10:35:00","guid":{"rendered":"https:\/\/museosanitariovigo.es\/persoeiro\/dr-nicolas-taboada-leal\/"},"modified":"2018-03-19T16:56:47","modified_gmt":"2018-03-19T15:56:47","slug":"dr-nicolas-taboada-leal","status":"publish","type":"persoeiro","link":"https:\/\/museosanitariovigo.es\/es\/persoeiro\/dr-nicolas-taboada-leal\/","title":{"rendered":"DR. NICOL\u00c1S TABOADA LEAL"},"content":{"rendered":"<div class=\"col_b\">\n<div class=\"textbox\">\n<div id=\"contenedor\" class=\"textarea unknown\">Fue el primer m\u00e9dico que diagnostic\u00f3 un caso de c\u00f3lera en Espa\u00f1a en 1833. La mayor parte de su hacer profesional lo dedic\u00f3 a la lucha para erradicar esta enfermedad , mal end\u00e9mico en la R\u00eda de Vigo. Era a primera epidemia. La segunda tuvo lugar entre 1853 y 1854, momento en el que lo cesan de todos sus cargos.<\/div>\n<div><\/div>\n<div class=\"textarea unknown\">Las autoridades no quer\u00edan reconocer que la epidemia fuera c\u00f3lera. En este campo, defendi\u00f3 la necesidad que ten\u00eda Vigo de contar con un \u201clazareto para cuarentenas\u201d de los barcos que ven\u00edan de otros mares. As\u00ed fue uno de los art\u00edfices e impulsor, junto con Norberto Vel\u00e1zquez Moreno, de la instalaci\u00f3n de un lazareto en la isla de San Sim\u00f3n, en el 1842. En el 1838 se aprueba su construcci\u00f3n.<\/div>\n<div><\/div>\n<div class=\"textarea unknown\">Adem\u00e1s en 1840 publica la primera topograf\u00eda m\u00e9dica de Galicia, en la que recoge datos hist\u00f3ricos y geogr\u00e1ficos de la ciudad de Vigo. Un libro de medicina vinculado con el higienismo (un g\u00e9nero literario del siglo XIX), en el que adem\u00e1s de recoger los aspectos sanitarios, se incorporaban datos hist\u00f3ricos, geogr\u00e1ficos, clim\u00e1ticos y flora. Raz\u00f3n por la que el Ayuntamiento de Vigo lo nombra Cronista Oficial de la Ciudad, siendo el primero en ostentar este t\u00edtulo.<\/div>\n<div class=\"options\">\n<\/div>\n<\/div>\n<\/div>\n","protected":false},"excerpt":{"rendered":"<p>Fue el primer m\u00e9dico que diagnostic\u00f3 un caso de c\u00f3lera en Espa\u00f1a. La mayor parte de su hacer profesional lo dedic\u00f3 a la lucha para erradicar el c\u00f3lera, mal  end\u00e9mico en la R\u00eda de Vigo.<\/p>\n","protected":false},"featured_media":2193,"template":"","hospital":[],"_links":{"self":[{"href":"https:\/\/museosanitariovigo.es\/es\/wp-json\/wp\/v2\/persoeiro\/3104"}],"collection":[{"href":"https:\/\/museosanitariovigo.es\/es\/wp-json\/wp\/v2\/persoeiro"}],"about":[{"href":"https:\/\/museosanitariovigo.es\/es\/wp-json\/wp\/v2\/types\/persoeiro"}],"wp:featuredmedia":[{"embeddable":true,"href":"https:\/\/museosanitariovigo.es\/es\/wp-json\/wp\/v2\/media\/2193"}],"wp:attachment":[{"href":"https:\/\/museosanitariovigo.es\/es\/wp-json\/wp\/v2\/media?parent=3104"}],"wp:term":[{"taxonomy":"hospital","embeddable":true,"href":"https:\/\/museosanitariovigo.es\/es\/wp-json\/wp\/v2\/hospital?post=3104"}],"curies":[{"name":"wp","href":"https:\/\/api.w.org\/{rel}","templated":true}]}}